{"id":43419,"date":"2024-02-07T09:26:07","date_gmt":"2024-02-07T09:26:07","guid":{"rendered":"https:\/\/www.rafanadalacademy.com\/contacte-2\/"},"modified":"2026-04-27T14:42:46","modified_gmt":"2026-04-27T14:42:46","slug":"contacte-2","status":"publish","type":"page","link":"https:\/\/www.rafanadalacademy.com\/ca\/contacte-2\/","title":{"rendered":"Contacte"},"content":{"rendered":"\n<section class=\"linear-gradient-rf overflow-hidden\">\n\t<div class=\"relative\">\n\t\t\t\t\t<div class=\"video-background test bg-center bg-cover  z-0 h-[40rem] lg:h-[35.25rem]\">\n\t\t\t\t\t\t\t<img decoding=\"async\" src=\"https:\/\/www.rafanadalacademy.com\/wp-content\/uploads\/2026\/04\/2.-Recepcion-scaled.jpg\" alt=\"\" class=\"absolute  lg:block object-cover h-full w-full\" style=\"mix-blend-mode: multiply;\">\n\t\t\t\t\t\t\t\t\t\t\t\t\t\t\t<div class=\"lg:max-w-[70.5rem] mx-auto px-4 relative h-full z-10\">\n\t\t\t\t<div class=\"absolute top-1\/2 -translate-y-1\/2 px-4 left-0 1\">\n\t\t\t\t\t \n\t\t\t\t\t\t\t\t\t\t\t<h1 class=\"text-white text-[3rem] leading-[3.75rem] lg:text-[4rem] lg:leading-[5rem] font-bold mb-4 lg:max-w-full\">Contacte<\/h1>\n\t\t\t\t\t\t\t\t\t\t\t\t\t\t\t\t\t\t\t\t<div class=\"flex flex-col lg:flex-row gap-4 mt-6 1\">\n\t\t\t\t\t\t\t\t\t\t\t\t\t\t\t\t\t<\/div>\n\t\t\t\t<\/div>\n\t\t\t<\/div>\n\t\t<\/div>\n\t\t\t\t\t\t\t<\/div>\n\t\t\t<\/section>\n\n\n<p class=\"has-text-align-center has-tertiary-color has-text-color has-link-color wp-elements-3bf26167401d896ef6f5065e657a6fae\" style=\"font-size:48px;font-style:normal;font-weight:500\"><br>Contacte<\/p>\n\n\n\n<p class=\"has-text-align-center has-tertiary-color has-text-color has-link-color wp-elements-244ffc60f1566bfb7ef1fca81448a050\" style=\"font-style:normal;font-weight:300\"><br>Ctra. Cales de Mallorca s\/n, Km 1,2, 07500 Manacor, Illes Balears <\/p>\n\n\n\n<p class=\"has-text-align-center has-tertiary-color has-text-color has-link-color wp-elements-a5fa6daa5257a84658ede5032070bbe9\" style=\"font-style:normal;font-weight:300\"><a href=\"mailto: info@rafanadalacademy.com\">info@rafanadalacademy.com  <\/a><\/p>\n\n\n\n<p class=\"has-text-align-center has-tertiary-color has-text-color has-link-color wp-elements-44d6f3b8078c358fcf98855f9f3dd6ad\" style=\"font-style:normal;font-weight:300\">Recepci\u00f3 Rafa Nadal Academy: 971 84 50 22<\/p>\n\n\n\n<p class=\"has-text-align-center has-tertiary-color has-text-color has-link-color wp-elements-fc7cc1bc5a59057eb50d0e1f321ef4ba\" style=\"font-style:normal;font-weight:300\">Recepci\u00f3 Rafa Nadal Sport Centre: 971 17 16 80<\/p>\n\n\n\n<p class=\"has-text-align-center has-tertiary-color has-text-color has-link-color wp-elements-44b7412be487f5255125095166a4d998\" style=\"font-style:normal;font-weight:300\">Departament de Vendes i Admissions: 971 84 50 22 Ext: 2<br><\/p>\n\n\n\n<p><\/p>\n\n\n\n<div style=\"width: 100%; max-width: 100%;\">\n  <iframe src=\"https:\/\/www.google.com\/maps?q=Rafa%20Nadal%20Academy%20Ctra.%20Cales%20de%20Mallorca%20s%2Fn%2C%20Km%201%2C2%2C%2007500%20Manacor%2C%20Illes%20Balears&#038;output=embed\" width=\"100%\" height=\"450\" style=\"border:0;\" allowfullscreen=\"\" loading=\"lazy\" referrerpolicy=\"no-referrer-when-downgrade\">\n  <\/iframe>\n<\/div>\n","protected":false},"excerpt":{"rendered":"<p>Contacte Ctra. Cales de Mallorca s\/n, Km 1,2, 07500 Manacor, Illes Balears info@rafanadalacademy.com Recepci\u00f3 Rafa Nadal Academy: 971 84 50 22 Recepci\u00f3 Rafa Nadal Sport Centre: 971 17 16 80 Departament de Vendes i Admissions: 971 84 50 22 Ext: 2<\/p>\n","protected":false},"author":2,"featured_media":0,"parent":0,"menu_order":0,"comment_status":"closed","ping_status":"closed","template":"","meta":{"_acf_changed":false,"footnotes":""},"complementos":[],"abierta":[],"horario":[],"ratio":[],"class_list":["post-43419","page","type-page","status-publish","hentry"],"acf":[],"yoast_head":"<!-- This site is optimized with the Yoast SEO Premium plugin v26.8 (Yoast SEO v26.9) - https:\/\/yoast.com\/product\/yoast-seo-premium-wordpress\/ -->\n<title>Contacte | Rafa Nadal Academy<\/title>\n<meta name=\"description\" content=\"Necessites ajuda? Ara pots contactar amb la Rafa Nadal Academy per tel\u00e8fon, per correu electr\u00f2nic o a trav\u00e9s del formulari.\" \/>\n<meta name=\"robots\" content=\"index, follow, max-snippet:-1, max-image-preview:large, max-video-preview:-1\" \/>\n<link rel=\"canonical\" href=\"https:\/\/www.rafanadalacademy.com\/ca\/contacte-2\/\" \/>\n<meta property=\"og:locale\" content=\"ca_ES\" \/>\n<meta property=\"og:type\" content=\"article\" \/>\n<meta property=\"og:title\" content=\"Contacte\" \/>\n<meta property=\"og:description\" content=\"Necessites ajuda? Ara pots contactar amb la Rafa Nadal Academy per tel\u00e8fon, per correu electr\u00f2nic o a trav\u00e9s del formulari.\" \/>\n<meta property=\"og:url\" content=\"https:\/\/www.rafanadalacademy.com\/ca\/contacte-2\/\" \/>\n<meta property=\"og:site_name\" content=\"Rafa Nadal Academy\" \/>\n<meta property=\"article:modified_time\" content=\"2026-04-27T14:42:46+00:00\" \/>\n<meta name=\"twitter:card\" content=\"summary_large_image\" \/>\n<meta name=\"twitter:label1\" content=\"Est. reading time\" \/>\n\t<meta name=\"twitter:data1\" content=\"1 minute\" \/>\n<script type=\"application\/ld+json\" class=\"yoast-schema-graph\">{\"@context\":\"https:\/\/schema.org\",\"@graph\":[{\"@type\":\"WebPage\",\"@id\":\"https:\/\/www.rafanadalacademy.com\/ca\/contacte-2\/\",\"url\":\"https:\/\/www.rafanadalacademy.com\/ca\/contacte-2\/\",\"name\":\"Contacte | Rafa Nadal Academy\",\"isPartOf\":{\"@id\":\"https:\/\/www.rafanadalacademy.com\/ca\/#website\"},\"datePublished\":\"2024-02-07T09:26:07+00:00\",\"dateModified\":\"2026-04-27T14:42:46+00:00\",\"description\":\"Necessites ajuda? Ara pots contactar amb la Rafa Nadal Academy per tel\u00e8fon, per correu electr\u00f2nic o a trav\u00e9s del formulari.\",\"breadcrumb\":{\"@id\":\"https:\/\/www.rafanadalacademy.com\/ca\/contacte-2\/#breadcrumb\"},\"inLanguage\":\"ca\",\"potentialAction\":[{\"@type\":\"ReadAction\",\"target\":[\"https:\/\/www.rafanadalacademy.com\/ca\/contacte-2\/\"]}]},{\"@type\":\"BreadcrumbList\",\"@id\":\"https:\/\/www.rafanadalacademy.com\/ca\/contacte-2\/#breadcrumb\",\"itemListElement\":[{\"@type\":\"ListItem\",\"position\":1,\"name\":\"Home\",\"item\":\"https:\/\/www.rafanadalacademy.com\/ca\/\"},{\"@type\":\"ListItem\",\"position\":2,\"name\":\"Contacte\"}]},{\"@type\":\"WebSite\",\"@id\":\"https:\/\/www.rafanadalacademy.com\/ca\/#website\",\"url\":\"https:\/\/www.rafanadalacademy.com\/ca\/\",\"name\":\"Rafa Nadal Academy\",\"description\":\"Otro sitio realizado con WordPress\",\"potentialAction\":[{\"@type\":\"SearchAction\",\"target\":{\"@type\":\"EntryPoint\",\"urlTemplate\":\"https:\/\/www.rafanadalacademy.com\/ca\/?s={search_term_string}\"},\"query-input\":{\"@type\":\"PropertyValueSpecification\",\"valueRequired\":true,\"valueName\":\"search_term_string\"}}],\"inLanguage\":\"ca\"},{\"@type\":\"ImageObject\",\"inLanguage\":\"ca\",\"@id\":\"https:\/\/www.rafanadalacademy.com\/ca\/contacte-2\/#local-main-organization-logo\",\"url\":\"\",\"contentUrl\":\"\",\"caption\":\"Rafa Nadal Academy\"}]}<\/script>\n<!-- \/ Yoast SEO Premium plugin. -->","yoast_head_json":{"title":"Contacte | Rafa Nadal Academy","description":"Necessites ajuda? Ara pots contactar amb la Rafa Nadal Academy per tel\u00e8fon, per correu electr\u00f2nic o a trav\u00e9s del formulari.","robots":{"index":"index","follow":"follow","max-snippet":"max-snippet:-1","max-image-preview":"max-image-preview:large","max-video-preview":"max-video-preview:-1"},"canonical":"https:\/\/www.rafanadalacademy.com\/ca\/contacte-2\/","og_locale":"ca_ES","og_type":"article","og_title":"Contacte","og_description":"Necessites ajuda? Ara pots contactar amb la Rafa Nadal Academy per tel\u00e8fon, per correu electr\u00f2nic o a trav\u00e9s del formulari.","og_url":"https:\/\/www.rafanadalacademy.com\/ca\/contacte-2\/","og_site_name":"Rafa Nadal Academy","article_modified_time":"2026-04-27T14:42:46+00:00","twitter_card":"summary_large_image","twitter_misc":{"Est. reading time":"1 minute"},"schema":{"@context":"https:\/\/schema.org","@graph":[{"@type":"WebPage","@id":"https:\/\/www.rafanadalacademy.com\/ca\/contacte-2\/","url":"https:\/\/www.rafanadalacademy.com\/ca\/contacte-2\/","name":"Contacte | Rafa Nadal Academy","isPartOf":{"@id":"https:\/\/www.rafanadalacademy.com\/ca\/#website"},"datePublished":"2024-02-07T09:26:07+00:00","dateModified":"2026-04-27T14:42:46+00:00","description":"Necessites ajuda? Ara pots contactar amb la Rafa Nadal Academy per tel\u00e8fon, per correu electr\u00f2nic o a trav\u00e9s del formulari.","breadcrumb":{"@id":"https:\/\/www.rafanadalacademy.com\/ca\/contacte-2\/#breadcrumb"},"inLanguage":"ca","potentialAction":[{"@type":"ReadAction","target":["https:\/\/www.rafanadalacademy.com\/ca\/contacte-2\/"]}]},{"@type":"BreadcrumbList","@id":"https:\/\/www.rafanadalacademy.com\/ca\/contacte-2\/#breadcrumb","itemListElement":[{"@type":"ListItem","position":1,"name":"Home","item":"https:\/\/www.rafanadalacademy.com\/ca\/"},{"@type":"ListItem","position":2,"name":"Contacte"}]},{"@type":"WebSite","@id":"https:\/\/www.rafanadalacademy.com\/ca\/#website","url":"https:\/\/www.rafanadalacademy.com\/ca\/","name":"Rafa Nadal Academy","description":"Otro sitio realizado con WordPress","potentialAction":[{"@type":"SearchAction","target":{"@type":"EntryPoint","urlTemplate":"https:\/\/www.rafanadalacademy.com\/ca\/?s={search_term_string}"},"query-input":{"@type":"PropertyValueSpecification","valueRequired":true,"valueName":"search_term_string"}}],"inLanguage":"ca"},{"@type":"ImageObject","inLanguage":"ca","@id":"https:\/\/www.rafanadalacademy.com\/ca\/contacte-2\/#local-main-organization-logo","url":"","contentUrl":"","caption":"Rafa Nadal Academy"}]}},"_links":{"self":[{"href":"https:\/\/www.rafanadalacademy.com\/ca\/wp-json\/wp\/v2\/pages\/43419","targetHints":{"allow":["GET"]}}],"collection":[{"href":"https:\/\/www.rafanadalacademy.com\/ca\/wp-json\/wp\/v2\/pages"}],"about":[{"href":"https:\/\/www.rafanadalacademy.com\/ca\/wp-json\/wp\/v2\/types\/page"}],"author":[{"embeddable":true,"href":"https:\/\/www.rafanadalacademy.com\/ca\/wp-json\/wp\/v2\/users\/2"}],"replies":[{"embeddable":true,"href":"https:\/\/www.rafanadalacademy.com\/ca\/wp-json\/wp\/v2\/comments?post=43419"}],"version-history":[{"count":2,"href":"https:\/\/www.rafanadalacademy.com\/ca\/wp-json\/wp\/v2\/pages\/43419\/revisions"}],"predecessor-version":[{"id":43439,"href":"https:\/\/www.rafanadalacademy.com\/ca\/wp-json\/wp\/v2\/pages\/43419\/revisions\/43439"}],"wp:attachment":[{"href":"https:\/\/www.rafanadalacademy.com\/ca\/wp-json\/wp\/v2\/media?parent=43419"}],"wp:term":[{"taxonomy":"complementos","embeddable":true,"href":"https:\/\/www.rafanadalacademy.com\/ca\/wp-json\/wp\/v2\/complementos?post=43419"},{"taxonomy":"abierta","embeddable":true,"href":"https:\/\/www.rafanadalacademy.com\/ca\/wp-json\/wp\/v2\/abierta?post=43419"},{"taxonomy":"horario","embeddable":true,"href":"https:\/\/www.rafanadalacademy.com\/ca\/wp-json\/wp\/v2\/horario?post=43419"},{"taxonomy":"ratio","embeddable":true,"href":"https:\/\/www.rafanadalacademy.com\/ca\/wp-json\/wp\/v2\/ratio?post=43419"}],"curies":[{"name":"wp","href":"https:\/\/api.w.org\/{rel}","templated":true}]}}